{"version":"1.0","provider_name":"Tavola in Piazza","provider_url":"https:\/\/tavolainpiazza.cafeblog.hu","author_name":"Gaba","author_url":"https:\/\/tavolainpiazza.cafeblog.hu\/author\/gaba\/","title":"menza Piazza 7. h\u00e9t","html":"<b>K\u00e9theti adaggal vagyok ad\u00f3s.<\/b><br><b>h\u00e9tf\u0151<\/b><br>vas\u00e1rnapi marad\u00e9k<br><b>kedd<\/b><br>spagetti k\u00e1poszt\u00e1val, f\u00fcst\u00f6lt sonk\u00e1val \u00e9s bivalymozzarell\u00e1val<br>cotechino<br>savany\u00fa kar\u00f3r\u00e9pa<br><b>szerda<\/b><br>paradicsomos-szard\u00edni\u00e1s pite<br>cotechino marad\u00e9k<br>savany\u00fa kar\u00f3r\u00e9pa marad\u00e9k<br><b>cs\u00fct\u00f6rt\u00f6k<\/b><br>fusilli fokhagym\u00e1s paradicsomsz\u00f3sszal<br>r\u00e1ntott szard\u00ednia<br>vegyes sal\u00e1ta<br><b>p\u00e9ntek<\/b><br><br><a href=\"http:\/\/tarkabarkablog.hu\/2012\/02\/21\/vkf-47-fordulo-kalandra-fel-5-recept-szezammagos-fustolt-tonhal-rukolaagyon\/\" target=\"_blank\">szez\u00e1mmagos f\u00fcst\u00f6lt tonhal rukol\u00e1val<\/a><br>mandarinos-s\u00e1fr\u00e1nyos Szent Jakab kagyl\u00f3 gratin<br><a href=\"http:\/\/tarkabarkablog.hu\/2012\/02\/21\/vkf-47-fordulo-kalandra-fel-6-recept-tesztasalata-gozolt-makrelaval-aszalt-padlizsannal-es-paradicsommal\/\" target=\"_blank\">t\u00e9sztasal\u00e1ta g\u0151z\u00f6lt makr\u00e9l\u00e1val, aszalt padlizs\u00e1nnal \u00e9s paradicsommal<\/a><br><b>szombat<\/b><br>pizza (az egyik scarola sal\u00e1t\u00e1val, taleggioval \u00e9s pancett\u00e1val, a m\u00e1sik trevisoi radicchioval, porchett\u00e1val \u00e9s Montasioval)<br><b>vas\u00e1rnap<\/b><br>guly\u00e1sleves bogr\u00e1csban<br>cotechino x-) harmadszor a h\u00e9ten! r\u00e1ad\u00e1sul s\u00f3gor nagy \u00e1rtatlanul bek\u00f6sz\u00f6nt m\u00e9g kett\u0151vel x-)<br>grillezett polenta<br>s\u00f6rben p\u00e1rolt kelk\u00e1poszta s\u00fclt szalonnakock\u00e1kkal<br><a href=\"http:\/\/tavolainpiazza.blogspot.com\/2012\/02\/vkf-47-fordulo-kalandra-fel-1-recept.html\" target=\"_blank\">aszalt gy\u00fcm\u00f6lcs\u00f6s-zabpelyhes apr\u00f3s\u00fctem\u00e9ny<\/a><br><b><br><\/b><br><div>pssszt! csend\u00e9let a konyh\u00e1mban: Anna eteti a gyerekeket<\/div><div><br><\/div><div><a href=\"http:\/\/4.bp.blogspot.com\/-rk8CkR-Wk_U\/T0cLeAgO2kI\/AAAAAAAAD_Q\/baBLeQkak1k\/s1600\/DSC_4093.JPG\"><img border=\"0\" height=\"640\" src=\"https:\/\/tavolainpiazza.cafeblog.hu\/files\/2012\/02\/DSC_4093.jpg\" width=\"500\"><\/a><\/div><br><div>p.s. eln\u00e9z\u00e9st a lev\u00e1gott karok\u00e9rt \u00e9s f\u00fclek\u00e9rt de gyorsan kellett cselekedni, mert a szak\u00e1csn\u00e9ni \u00e9pp \u00fagy d\u00f6nt\u00f6tt, eleget ettek a gyerekek, \u00e9s pillanatokon bel\u00fcl elk\u00fcldte \u0151ket aludni ;-)<\/div>","type":"rich"}