{"version":"1.0","provider_name":"Tavola in Piazza","provider_url":"https:\/\/tavolainpiazza.cafeblog.hu","author_name":"Gaba","author_url":"https:\/\/tavolainpiazza.cafeblog.hu\/author\/gaba\/","title":"Boldog kar\u00e1csonyt!","html":"<div><i>Kedves Olvas\u00f3k!<\/i><\/div><div><i><a href=\"http:\/\/tavolaalmare.blog.hu\/\">K\u00e9sz\u00edtettem nektek kar\u00e1csonyi aj\u00e1nd\u00e9kot, itt tal\u00e1lj\u00e1tok.<\/a><\/i><\/div><div><i>Annyi hallal \u00e9s tenger gy\u00fcm\u00f6lcseivel k\u00e9sz\u00fcl\u0151 receptem \u00f6sszegy\u0171lt m\u00e1r, hogy \u00fagy gondoltam, megrdemelnek egy k\u00fcl\u00f6n blogot. Eredetileg nem szerettem volna sz\u00e9tszabdalni magam, de a Tavola In Piazz\u00e1n m\u00e1r nagyon neh\u00e9zkes volt mind a rendszerez\u00e9s, mind a keres\u00e9s a hal\u00e9telek k\u00f6z\u00f6tt. Folyamatosan t\u00f6lt\u00f6m fel a recepteket, de tal\u00e1ltok m\u00e9g fil\u00e9z\u00e9si technik\u00e1kat, a gyerekmen\u00fc c\u00edmke alatt az apr\u00f3k \u00e1ltal kedvelt hal\u00e9teleket, gyakorlati tan\u00e1csokat, a keres\u00e9s \u00e9s a beazonos\u00edt\u00e1s megk\u00f6nny\u00edt\u00e9se \u00e9rdek\u00e9ben a blogban szerepl\u0151 \u00e1llatok latin, angol \u00e9s olasz neveit, fot\u00f3kat, \u00e9s nagyon sok tervem van m\u00e9g a j\u00f6v\u0151re vonatkoz\u00f3an, de ez egyel\u0151re maradjon titok.<\/i><\/div><div><i>El\u0151rebocs\u00e1tom, nem vagyok halszak\u00e9rt\u0151, amit k\u00f6zz\u00e9teszek, azt mind egyszer\u0171, h\u00e9tk\u00f6znapi emberekt\u0151l tanulom, teh\u00e1t ha esetleges t\u00e9ved\u00e9sekkel tal\u00e1lkozn\u00e1tok, sz\u00f3ljatok b\u00e1tran, megbesz\u00e9lj\u00fck!<\/i><\/div><div><i><a href=\"http:\/\/tavolaalmare.blog.hu\/\">A tengert\u0151l az asztalig<\/a> blognak k\u00e9sz\u00edtettem <a href=\"http:\/\/www.facebook.com\/pages\/A-tengert%C5%91l-az-asztalig-halgasztroblog\/239792786094050\">Facebook oldalt is,<\/a> ha tetszik, gyertek, \u00e9s k\u00f6vess\u00e9tek a friss h\u00edreket ott is.<\/i><\/div><div><i>Nos, rem\u00e9lem tetszeni fog.<\/i><\/div><div><i>B\u00e9k\u00e9s, boldog kar\u00e1csonyt k\u00edv\u00e1nunk mindannyi\u00f3toknak!<\/i><\/div><div><i>A Gyerek, Ember \u00e9s Gaba<\/i><\/div><div><a href=\"http:\/\/1.bp.blogspot.com\/-jxZocnxUHxg\/TvQFhnrOfqI\/AAAAAAAAD40\/5hG0hMStzOQ\/s1600\/DSC_3901.JPG\"><img border=\"0\" height=\"640\" src=\"https:\/\/tavolainpiazza.cafeblog.hu\/files\/2011\/12\/DSC_3901.jpg\" width=\"425\"><\/a><\/div><br><div><span><b><i><br><\/i><\/b><\/span><\/div>","type":"rich"}