{"version":"1.0","provider_name":"Tavola in Piazza","provider_url":"https:\/\/tavolainpiazza.cafeblog.hu","author_name":"Gaba","author_url":"https:\/\/tavolainpiazza.cafeblog.hu\/author\/gaba\/","title":"B\u00da\u00c9K!","html":"<div><b><i><span>Minden erre j\u00e1r\u00f3nak Boldog \u00daj \u00c9vet k\u00edv\u00e1nunk!<\/span><\/i><\/b><\/div><div><b><i><span>Buon Anno a tutti!<\/span><\/i><\/b><\/div><div><a href=\"http:\/\/1.bp.blogspot.com\/_xHt14BbMBW0\/TR1hcG6nr5I\/AAAAAAAACuQ\/eLiWK_WZU40\/s1600\/DSC_3899.JPG\"><img border=\"0\" height=\"400\" src=\"https:\/\/tavolainpiazza.cafeblog.hu\/files\/2010\/12\/DSC_3899.jpg\" width=\"265\"><\/a><\/div><div><b><i><span>Piazza, Piazza \u00e9s a pici Piazza<\/span><\/i><\/b><\/div>","type":"rich"}